{"id":2936,"date":"2026-03-07T23:47:55","date_gmt":"2026-03-07T22:47:55","guid":{"rendered":"https:\/\/www.ciceli.es\/pt\/?page_id=2936"},"modified":"2026-04-25T09:13:05","modified_gmt":"2026-04-25T08:13:05","slug":"v-ciceli-inscricoes","status":"publish","type":"page","link":"https:\/\/www.ciceli.es\/pt\/v-ciceli-inscricoes\/","title":{"rendered":"V CICELI &#8211; Inscri\u00e7\u00f5es"},"content":{"rendered":"<p>[et_pb_section fb_built=&#8221;1&#8243; prev_background_color=&#8221;#ffffff&#8221; _builder_version=&#8221;4.16&#8243; background_color=&#8221;#FAB74F&#8221; background_enable_image=&#8221;off&#8221; background_blend=&#8221;darken&#8221; height=&#8221;200px&#8221; custom_margin=&#8221;||||false|false&#8221; top_divider_style=&#8221;arrow3&#8243; bottom_divider_style=&#8221;curve2&#8243; bottom_divider_color=&#8221;#ffffff&#8221; bottom_divider_height=&#8221;29px&#8221; global_colors_info=&#8221;{}&#8221;][et_pb_row _builder_version=&#8221;4.16&#8243; custom_padding=&#8221;0px|||||&#8221; global_colors_info=&#8221;{}&#8221;][et_pb_column type=&#8221;4_4&#8243; _builder_version=&#8221;4.16&#8243; global_colors_info=&#8221;{}&#8221;][et_pb_text _builder_version=&#8221;4.27.6&#8243; text_font=&#8221;Annie Use Your Telescope|700|||||||&#8221; text_text_color=&#8221;#ffffff&#8221; text_font_size=&#8221;55px&#8221; text_letter_spacing=&#8221;2px&#8221; text_line_height=&#8221;1.9em&#8221; text_orientation=&#8221;center&#8221; custom_margin=&#8221;||-24px|||&#8221; custom_padding=&#8221;0px|||||&#8221; text_font_size_tablet=&#8221;50px&#8221; text_font_size_phone=&#8221;46px&#8221; text_font_size_last_edited=&#8221;on|phone&#8221; text_text_shadow_style=&#8221;preset1&#8243; global_colors_info=&#8221;{}&#8221;]<\/p>\n<p>Inscri\u00e7\u00f5es<\/p>\n<p>[\/et_pb_text][\/et_pb_column][\/et_pb_row][\/et_pb_section][et_pb_section fb_built=&#8221;1&#8243; admin_label=&#8221;section&#8221; _builder_version=&#8221;4.27.6&#8243; custom_padding=&#8221;||||false|false&#8221; global_colors_info=&#8221;{}&#8221;][et_pb_row _builder_version=&#8221;4.16&#8243; custom_margin=&#8221;||||false|false&#8221; global_colors_info=&#8221;{}&#8221;][et_pb_column type=&#8221;4_4&#8243; _builder_version=&#8221;4.16&#8243; global_colors_info=&#8221;{}&#8221;][et_pb_text _builder_version=&#8221;4.27.6&#8243; text_font=&#8221;Montserrat||||||||&#8221; text_text_color=&#8221;#f8a912&#8243; text_font_size=&#8221;18px&#8221; global_colors_info=&#8221;{}&#8221;]<\/p>\n<p><strong>Procedimento <\/strong><\/p>\n<p>[\/et_pb_text][et_pb_text _builder_version=&#8221;4.27.6&#8243; _module_preset=&#8221;default&#8221; global_colors_info=&#8221;{}&#8221;]<\/p>\n<p>Tanto os palestrantes quanto os participantes sem apresenta\u00e7\u00e3o devem se inscrever no congresso antes das datas indicadas, seguindo dois passos simples:<\/p>\n<p>[\/et_pb_text][\/et_pb_column][\/et_pb_row][et_pb_row disabled_on=&#8221;off|off|off&#8221; _builder_version=&#8221;4.16&#8243; locked=&#8221;off&#8221; global_colors_info=&#8221;{}&#8221;][et_pb_column type=&#8221;4_4&#8243; _builder_version=&#8221;4.16&#8243; global_colors_info=&#8221;{}&#8221;][et_pb_blurb use_icon=&#8221;on&#8221; font_icon=&#8221;&#xe0e7;||divi||400&#8243; _builder_version=&#8221;4.16&#8243; global_colors_info=&#8221;{}&#8221;][\/et_pb_blurb][et_pb_text _builder_version=&#8221;4.27.6&#8243; text_font=&#8221;||||||||&#8221; text_text_color=&#8221;#000000&#8243; background_enable_color=&#8221;off&#8221; text_orientation=&#8221;justified&#8221; global_colors_info=&#8221;{}&#8221;]<\/p>\n<p>1) Realize o pagamento da taxa de inscri\u00e7\u00e3o aplic\u00e1vel (consulte \u201ctaxas de inscri\u00e7\u00e3o\u201d):<\/p>\n<p>[\/et_pb_text][et_pb_text disabled_on=&#8221;off|off|off&#8221; _builder_version=&#8221;4.27.6&#8243; text_font_size=&#8221;12px&#8221; global_colors_info=&#8221;{}&#8221;]<\/p>\n<table style=\"border-collapse: collapse; width: 100%;\" border=\"1\">\n<tbody>\n<tr>\n<td style=\"width: 50%;\">BRASIL<\/td>\n<td style=\"width: 50%;\">Chave PIX: ciceli2026@gmail.com<br \/>DESCRI\u00c7\u00c3O DE PAGAMENTO: \u201cInscri\u00e7\u00e3o V CICELI- Nome e sobrenome\u201d<\/td>\n<\/tr>\n<tr>\n<td style=\"width: 50%;\">ESPANHA\/UE\/EUA DEMAIS PA\u00cdSES<\/td>\n<td style=\"width: 50%;\">\n<p><strong>PayPal<\/strong>: ciceli2026@gmail.com<br \/>NOTA: \u201cInscri\u00e7\u00e3o V CICELI &#8211; Nome e sobrenome\u201d<\/p>\n<p><strong>DADOS PARA TRANSFER\u00caNCIA<\/strong><br \/>Banco: Caixa Econ\u00f4mica Federal (Brasil)<br \/>IBAN: BR17 0036 0305 0621 9593 5293 290C 1<br \/>SWIFT: CEFXBRSP<br \/>Conta: 6219 3701 000593529329-0<\/p>\n<p>CONCEITO: \u201cInscri\u00e7\u00e3o V CICELI- Nome e sobrenome\u201d<\/p>\n<\/td>\n<\/tr>\n<\/tbody>\n<\/table>\n<p>[\/et_pb_text][et_pb_blurb use_icon=&#8221;on&#8221; font_icon=&#8221;&#xe076;||divi||400&#8243; _builder_version=&#8221;4.16&#8243; global_colors_info=&#8221;{}&#8221;][\/et_pb_blurb][et_pb_text _builder_version=&#8221;4.27.6&#8243; text_font=&#8221;||||||||&#8221; text_text_color=&#8221;#000000&#8243; background_enable_color=&#8221;off&#8221; text_orientation=&#8221;justified&#8221; global_colors_info=&#8221;{}&#8221;]<\/p>\n<p>2) Preencha o <a href=\"https:\/\/forms.gle\/XG8NC13U522GzBoF9\">formul\u00e1rio<\/a> de inscri\u00e7\u00e3o e anexe o comprovante de pagamento.<a href=\"https:\/\/forms.gle\/XG8NC13U522GzBoF9\"><\/a><\/p>\n<p>[\/et_pb_text][\/et_pb_column][\/et_pb_row][et_pb_row _builder_version=&#8221;4.27.6&#8243; custom_margin=&#8221;||||false|false&#8221; global_colors_info=&#8221;{}&#8221;][et_pb_column type=&#8221;4_4&#8243; _builder_version=&#8221;4.16&#8243; global_colors_info=&#8221;{}&#8221;][et_pb_text _builder_version=&#8221;4.27.6&#8243; text_text_color=&#8221;#f8a912&#8243; text_font_size=&#8221;18px&#8221; global_colors_info=&#8221;{}&#8221;]<\/p>\n<p><strong>Taxas de inscri\u00e7\u00e3o<\/strong><\/p>\n<p>[\/et_pb_text][et_pb_text _builder_version=&#8221;4.27.6&#8243; text_text_color=&#8221;#000000&#8243; text_font_size=&#8221;16px&#8221; global_colors_info=&#8221;{}&#8221;]<strong>\u00a0Taxa de inscri\u00e7\u00e3o para participantes com apresenta\u00e7\u00e3o oral (presencial ou virtual)- ESPANHA\/UE\/EUA<br \/>\n<\/strong>[\/et_pb_text][et_pb_text _builder_version=&#8221;4.27.6&#8243; global_colors_info=&#8221;{}&#8221;]<\/p>\n<table style=\"width: 550px;\">\n<tbody>\n<tr>\n<td style=\"width: 187.567px;\">\u00a0<\/td>\n<td style=\"width: 175.533px;\">\n<p><strong>At\u00e9 1\u00ba de junho de 2026<\/strong><\/p>\n<\/td>\n<td style=\"width: 166.5px;\"><strong>At\u00e9 31 de julho de 2026<\/strong><\/td>\n<\/tr>\n<tr>\n<td style=\"width: 187.567px;\"><strong>Inscri\u00e7\u00e3o ordin\u00e1ria<\/strong><\/td>\n<td style=\"width: 175.533px;\">100 EUR<\/td>\n<td style=\"width: 166.5px;\">120 EUR<\/td>\n<\/tr>\n<tr>\n<td style=\"width: 187.567px;\"><strong>Inscri\u00e7\u00e3o reduzida*<\/strong><\/td>\n<td style=\"width: 175.533px;\">60 EUR<\/td>\n<td style=\"width: 166.5px;\">75 EUR<\/td>\n<\/tr>\n<tr>\n<td style=\"width: 187.567px;\"><strong>Acompanhantes e assistentes\/ouvintes<\/strong><\/td>\n<td style=\"width: 175.533px;\">30 EUR<\/td>\n<td style=\"width: 166.5px;\">30 EUR<\/td>\n<\/tr>\n<\/tbody>\n<\/table>\n<h6>*Para estudantes, membros de fam\u00edlias numerosas, pessoas desempregadas ou com defici\u00eancia<\/h6>\n<p>[\/et_pb_text][et_pb_text _builder_version=&#8221;4.27.6&#8243; text_text_color=&#8221;#000000&#8243; text_font_size=&#8221;16px&#8221; global_colors_info=&#8221;{}&#8221;]<\/p>\n<p><strong>Taxa de inscri\u00e7\u00e3o para participantes com apresenta\u00e7\u00e3o oral (presencial ou virtual)- BRASIL (DEMAIS PA\u00cdSES)<\/strong><\/p>\n<p>[\/et_pb_text][et_pb_text _builder_version=&#8221;4.27.6&#8243; global_colors_info=&#8221;{}&#8221;]<\/p>\n<table style=\"height: 144px;\">\n<tbody>\n<tr style=\"height: 48px;\">\n<td style=\"height: 48px; width: 148px;\">\u00a0<\/td>\n<td style=\"height: 48px; width: 199px;\"><strong>At\u00e9 1\u00ba de junho de 2026<\/strong><\/td>\n<td style=\"height: 48px; width: 170px;\"><strong>At\u00e9 31 de julho de 2026<\/strong><\/td>\n<\/tr>\n<tr style=\"height: 48px;\">\n<td style=\"height: 48px; width: 148px;\"><strong>Alunos\/as de gradua\u00e7\u00e3o<\/strong><\/td>\n<td style=\"height: 48px; width: 199px;\">R$ 50<\/td>\n<td style=\"height: 48px; width: 170px;\">R$ 70<\/td>\n<\/tr>\n<tr style=\"height: 48px;\">\n<td style=\"height: 48px; width: 148px;\"><strong>Alunos\/as de p\u00f3s-gradua\u00e7\u00e3o<\/strong><\/td>\n<td style=\"height: 48px; width: 199px;\">R$ 70<\/td>\n<td style=\"height: 48px; width: 170px;\">R$ 90<\/td>\n<\/tr>\n<tr>\n<td style=\"width: 148px;\"><strong>Professores\/as de Educa\u00e7\u00e3o B\u00e1sica<\/strong><\/td>\n<td style=\"width: 199px;\">R$ 100<\/td>\n<td style=\"width: 170px;\">R$ 120<\/td>\n<\/tr>\n<tr>\n<td style=\"width: 148px;\"><strong>Professores\/as pesquisadores\/as dos IES<\/strong><\/td>\n<td style=\"width: 199px;\">R$ 130<\/td>\n<td style=\"width: 170px;\">R$ 150<\/td>\n<\/tr>\n<tr>\n<td style=\"width: 148px;\"><strong>Acompanhantes e assistentes\/ouvintes<\/strong><\/td>\n<td style=\"width: 199px;\">R$ 50<\/td>\n<td style=\"width: 170px;\">R$ 50<\/td>\n<\/tr>\n<\/tbody>\n<\/table>\n<p>&nbsp;<\/p>\n<p>[\/et_pb_text][et_pb_text _builder_version=&#8221;4.27.6&#8243; text_font=&#8221;Montserrat||||||||&#8221; text_text_color=&#8221;#f8a912&#8243; text_font_size=&#8221;18px&#8221; custom_padding=&#8221;||0px|||&#8221; global_colors_info=&#8221;{}&#8221;]<\/p>\n<p><strong>O que est\u00e1 inclu\u00eddo na taxa de inscri\u00e7\u00e3o no congresso?<\/strong><\/p>\n<p>[\/et_pb_text][et_pb_text _builder_version=&#8221;4.27.6&#8243; text_text_color=&#8221;#000000&#8243; global_colors_info=&#8221;{}&#8221;]<\/p>\n<p>Al\u00e9m do certificado de participa\u00e7\u00e3o, o material do congresso e a possibilidade de uma publica\u00e7\u00e3o (para os que apresentarem trabalhos), a quota inclui caf\u00e9 e lanches na sede do evento e acesso \u00e0s atividades art\u00edsticos\/culturais constantes na programa\u00e7\u00e3o.<\/p>\n<p>[\/et_pb_text][\/et_pb_column][\/et_pb_row][et_pb_row _builder_version=&#8221;4.27.6&#8243; global_colors_info=&#8221;{}&#8221;][et_pb_column type=&#8221;4_4&#8243; _builder_version=&#8221;4.16&#8243; global_colors_info=&#8221;{}&#8221;][et_pb_blurb use_icon=&#8221;on&#8221; font_icon=&#8221;&#xe025;||divi||400&#8243; icon_color=&#8221;#2893D2&#8243; image_icon_width=&#8221;80px&#8221; _builder_version=&#8221;4.27.6&#8243; width=&#8221;100%&#8221; custom_margin=&#8221;|||2px|false|false&#8221; custom_padding=&#8221;10px|104px||15px|false|false&#8221; hover_enabled=&#8221;0&#8243; box_shadow_style=&#8221;preset2&#8243; icon_font_size=&#8221;80px&#8221; global_colors_info=&#8221;{}&#8221; sticky_enabled=&#8221;0&#8243;]<\/p>\n<p><span style=\"color: #2893d2;\"><strong>20-jun-2026. <\/strong><\/span> Prazo final para envio de propostas<br \/><span style=\"text-decoration: line-through;\"><span style=\"color: #2893d2; text-decoration: line-through;\"><strong>23-abr-2026.<\/strong><\/span> Prazo para envio de propostas<\/span><br \/><span style=\"color: #2893d2;\"><strong>01-jun-2026.<\/strong><\/span> Prazo para inscri\u00e7\u00e3o e pagamento antecipado<br \/><span style=\"color: #2893d2;\"><strong>31-jul-2026. <\/strong><\/span>Prazo para inscri\u00e7\u00e3o e pagamento<br \/><span style=\"color: #2893d2;\"><strong>03-set-2026.<\/strong><\/span> Inaugura\u00e7\u00e3o do V CICELI<br \/><span style=\"color: #2893d2;\"><strong>05-set-2026.<\/strong><\/span> Encerramento do V CICELI<\/p>\n<p>&nbsp;<\/p>\n<p>[\/et_pb_blurb][\/et_pb_column][\/et_pb_row][\/et_pb_section]<\/p>\n","protected":false},"excerpt":{"rendered":"<p>Inscri\u00e7\u00f5esProcedimento Tanto os palestrantes quanto os participantes sem apresenta\u00e7\u00e3o devem se inscrever no congresso antes das datas indicadas, seguindo dois passos simples:1) Realize o pagamento da taxa de inscri\u00e7\u00e3o aplic\u00e1vel (consulte \u201ctaxas de inscri\u00e7\u00e3o\u201d): BRASIL Chave PIX: ciceli2026@gmail.comDESCRI\u00c7\u00c3O DE PAGAMENTO: \u201cInscri\u00e7\u00e3o V CICELI- Nome e sobrenome\u201d ESPANHA\/UE\/EUA DEMAIS PA\u00cdSES PayPal: ciceli2026@gmail.comNOTA: \u201cInscri\u00e7\u00e3o V CICELI &#8211; [&hellip;]<\/p>\n","protected":false},"author":1,"featured_media":0,"parent":0,"menu_order":0,"comment_status":"closed","ping_status":"closed","template":"","meta":{"_et_pb_use_builder":"on","_et_pb_old_content":"","_et_gb_content_width":"","footnotes":""},"class_list":["post-2936","page","type-page","status-publish","hentry"],"_links":{"self":[{"href":"https:\/\/www.ciceli.es\/pt\/wp-json\/wp\/v2\/pages\/2936","targetHints":{"allow":["GET"]}}],"collection":[{"href":"https:\/\/www.ciceli.es\/pt\/wp-json\/wp\/v2\/pages"}],"about":[{"href":"https:\/\/www.ciceli.es\/pt\/wp-json\/wp\/v2\/types\/page"}],"author":[{"embeddable":true,"href":"https:\/\/www.ciceli.es\/pt\/wp-json\/wp\/v2\/users\/1"}],"replies":[{"embeddable":true,"href":"https:\/\/www.ciceli.es\/pt\/wp-json\/wp\/v2\/comments?post=2936"}],"version-history":[{"count":24,"href":"https:\/\/www.ciceli.es\/pt\/wp-json\/wp\/v2\/pages\/2936\/revisions"}],"predecessor-version":[{"id":3137,"href":"https:\/\/www.ciceli.es\/pt\/wp-json\/wp\/v2\/pages\/2936\/revisions\/3137"}],"wp:attachment":[{"href":"https:\/\/www.ciceli.es\/pt\/wp-json\/wp\/v2\/media?parent=2936"}],"curies":[{"name":"wp","href":"https:\/\/api.w.org\/{rel}","templated":true}]}}